{"file_id":"F23","vid":"V425","name":"MODELOEDUC_CODIGO","var_intrvl":"discrete","var_dcml":null,"var_wgt":null,"var_is_wgt":null,"loc_start_pos":"75","loc_end_pos":"76","loc_width":"2","loc_rec_seg_no":"1","labl":"C\u00f3digo del modelo educativo","var_imputation":null,"var_security":"El acceso a microdatos y Mam-up se considera como de tratamiento especial respecto a la reserva estad\u00edstica por tanto estar\u00e1 sujeto a la reglamentaci\u00f3n que para el efecto defina el Comit\u00e9 de Aseguramiento de la reserva estad\u00edstica. Resoluci\u00f3n 173 de 2008.","var_resp_unit":"La fuente primaria son las sedes educativas de Educaci\u00f3n Formal, legalmente constituidas, del sector oficial y del sector no oficial, que ofrecen los niveles de preescolar, b\u00e1sica primaria, b\u00e1sica secundaria y media localizados en el \u00e1rea urbana y rural dentro del territorio nacional. Tambi\u00e9n se incluyen las sedes que ofrecen educaci\u00f3n para adultos (CLEI), as\u00ed como, modelos educativos flexibles que contemplan procesos de aprendizaje dirigidos a grupos de poblaci\u00f3n vulnerable, j\u00f3venes en extra edad y adultos\n\nEl informante id\u00f3neo es el rector o el representante legal de la unidad de observaci\u00f3n.","var_analysis_unit":null,"var_qstn_preqtxt":null,"var_qstn_qstnlit":"- C\u00f3digo del modelo educativo\n\n4\tEscuela nueva (entre 5 a 18 a\u00f1os)\n5\tAceleraci\u00f3n del aprendizaje (entre 5 a 18 a\u00f1os)\n6\tC\u00edrculos del aprendizaje (entre 5 a 18 a\u00f1os)\n9\tPosprimaria\n10\tTelesecundaria\n11\tCaminar en secundaria\n14\tModelos de educaci\u00f3n con profundizaci\u00f3n en educaci\u00f3n para el trabajo\n17\tMedia Rural\n33\tServicio de educaci\u00f3n rural (SER) (15 a\u00f1os en adelante)\n34\tCAFAM (15 a\u00f1os en adelante)\n35\tA crecer (15 a\u00f1os en adelante)\n42\tSistema de aprendizaje tutorial (SAT)\n43\tServicio de educaci\u00f3n rural (SER)\n44\tCAFAM\n46\tGrupos juveniles creativos\n47\tBachillerato pacicultor\n53\tSistema de aprendizaje tutorial (SAT)\n54\tServicio de educaci\u00f3n rural (SER)\n55\tCAFAM\n57\tGrupos juveniles creativos\n58\tBachillerato pacicultor\n62\tRetos para gigantes\n63\tRetos para gigantes (entre 5 a 18 a\u00f1os)\n66\tEscuela ind\u00edgena intercultural de j\u00f3venes y adultos (15 a\u00f1os en adelante)\n67\tEscuela integral (15 a\u00f1os en adelante)\n69\tSecundaria Activa\n70\tVirtual asistida UCN (Universidad Catolica del Norte)\n73\tEscuela indigena intercultural de jovenes y adultos\n74\tEscuela integral\n75\tPensar adultos\n76\tPrograma de educaci\u00f3n b\u00e0sica y media para jovenes y adultos.  Universidad Abierta y a Distancia UNAD\n77\tVirtual asistida UCN (Universidad Catolica del Norte)\n80\tEscuela indigena intercultural de jovenes y adultos\n81\tEscuela integral\n82\tPensar adultos\n83\tPrograma de educaci\u00f3n b\u00e0sica y media para jovenes y adultos.  Universidad Abierta y a Distancia UNAD\n93\tNivelemos\n94\tNivelemos (entre 5 a 18 a\u00f1os)\n95\tApoyo acad\u00e9mico especial\n96\tApoyo acad\u00e9mico especial (ni\u00f1as, ni\u00f1os y j\u00f3venes en situaci\u00f3n de enfermedad) (entre 5 a 18 a\u00f1os)\n97\tApoyo acad\u00e9mico especial\n98\tApoyo acad\u00e9mico especial\n100\tBr\u00fajula (15 a\u00f1os en adelante)\n101\tEstrategia de nivelaci\u00f3n y aceleraci\u00f3n para ni\u00f1os y adolescentes en extraedad (migrantes, v\u00edctimas y otros vulnerables - alfabetizaci\u00f3n) (15 a\u00f1os en adelante)\n102\tEtnoeducativo para comunidades negras - Pacifico colombiano (15 a\u00f1os en adelante)\n103\tOtros modelos etnoeducativos (15 a\u00f1os en adelante)\n105\tPrograma para j\u00f3venes en extraedad y adultos (15 a\u00f1os en adelante)\n108\tTejiendo saberes (15 a\u00f1os en adelante)\n109\tEstrategia de nivelaci\u00f3n y aceleraci\u00f3n para ni\u00f1os y adolescentes en extraedad (migrantes, v\u00edctimas y otros vulnerables - alfabetizaci\u00f3n)\n111\tOtros modelos etnoeducativos\n112\tPrograma para j\u00f3venes en extraedad y adultos\n114\tTejiendo saberes\n115\tEtnoeducativo para comunidades negras - Pacifico colombiano\n116\tOtros modelos etnoeducativos\n117\tPrograma para j\u00f3venes en extraedad y adultos\n119\tTejiendo saberes","var_qstn_postqtxt":null,"var_qstn_ivuinstr":null,"var_universe":"Sedes educativas de educaci\u00f3n formal, legalmente constituidas, del sector oficial y del sector no oficial, que ofrecen los niveles de preescolar, b\u00e1sica primaria, b\u00e1sica secundaria y media, localizados en el \u00e1rea urbana y rural dentro del territorio nacional. Tambi\u00e9n se incluyen las sedes que ofrecen educaci\u00f3n para adultos (Decreto 3011 de 1997 donde se establecen normas para el ofrecimiento de la educaci\u00f3n de adultos y se dictan otras disposiciones). As\u00ed como,Modelos Educativos Flexibles que contemplan procesos de aprendizaje dirigidos a grupos de poblaci\u00f3n vulnerable, j\u00f3venes en extra edad y adultos.","var_universe_clusion":"I","var_sumstat":[{"value":"0","type":"vald","wgtd":null},{"value":"0","type":"invd","wgtd":null}],"var_txt":null,"var_catgry":[{"value":"10","labl":"Telesecundaria","is_missing":null,"stats":[]},{"value":"100","labl":"Br\u00fajula (15 a\u00f1os en adelante)","is_missing":null,"stats":[]},{"value":"101","labl":"Estrategia de nivelaci\u00f3n y aceleraci\u00f3n para ni\u00f1os y adolescentes en extraedad (migrantes, v\u00edctimas y otros vulnerables - alfabetizaci\u00f3n) (15 a\u00f1os en adelante)","is_missing":null,"stats":[]},{"value":"102","labl":"Etnoeducativo para comunidades negras - Pacifico colombiano (15 a\u00f1os en adelante)","is_missing":null,"stats":[]},{"value":"103","labl":"Otros modelos etnoeducativos (15 a\u00f1os en adelante)","is_missing":null,"stats":[]},{"value":"105","labl":"Programa para j\u00f3venes en extraedad y adultos (15 a\u00f1os en adelante)","is_missing":null,"stats":[]},{"value":"108","labl":"Tejiendo saberes (15 a\u00f1os en adelante)","is_missing":null,"stats":[]},{"value":"109","labl":"Estrategia de nivelaci\u00f3n y aceleraci\u00f3n para ni\u00f1os y adolescentes en extraedad (migrantes, v\u00edctimas y otros vulnerables - alfabetizaci\u00f3n)","is_missing":null,"stats":[]},{"value":"11","labl":"Caminar en secundaria","is_missing":null,"stats":[]},{"value":"111","labl":"Otros modelos etnoeducativos","is_missing":null,"stats":[]},{"value":"112","labl":"Programa para j\u00f3venes en extraedad y adultos","is_missing":null,"stats":[]},{"value":"114","labl":"Tejiendo saberes","is_missing":null,"stats":[]},{"value":"115","labl":"Etnoeducativo para comunidades negras - Pacifico colombiano","is_missing":null,"stats":[]},{"value":"116","labl":"Otros modelos etnoeducativos","is_missing":null,"stats":[]},{"value":"117","labl":"Programa para j\u00f3venes en extraedad y adultos","is_missing":null,"stats":[]},{"value":"119","labl":"Tejiendo saberes","is_missing":null,"stats":[]},{"value":"14","labl":"Modelos de educaci\u00f3n con profundizaci\u00f3n en educaci\u00f3n para el trabajo","is_missing":null,"stats":[]},{"value":"17","labl":"Media Rural","is_missing":null,"stats":[]},{"value":"33","labl":"Servicio de educaci\u00f3n rural (SER) (15 a\u00f1os en adelante)","is_missing":null,"stats":[]},{"value":"34","labl":"CAFAM (15 a\u00f1os en adelante)","is_missing":null,"stats":[]},{"value":"35","labl":"A crecer (15 a\u00f1os en adelante)","is_missing":null,"stats":[]},{"value":"4","labl":"Escuela nueva (entre 5 a 18 a\u00f1os)","is_missing":null,"stats":[]},{"value":"42","labl":"Sistema de aprendizaje tutorial (SAT)","is_missing":null,"stats":[]},{"value":"43","labl":"Servicio de educaci\u00f3n rural (SER)","is_missing":null,"stats":[]},{"value":"44","labl":"CAFAM","is_missing":null,"stats":[]},{"value":"46","labl":"Grupos juveniles creativos","is_missing":null,"stats":[]},{"value":"47","labl":"Bachillerato pacicultor","is_missing":null,"stats":[]},{"value":"5","labl":"Aceleraci\u00f3n del aprendizaje (entre 5 a 18 a\u00f1os)","is_missing":null,"stats":[]},{"value":"53","labl":"Sistema de aprendizaje tutorial (SAT)","is_missing":null,"stats":[]},{"value":"54","labl":"Servicio de educaci\u00f3n rural (SER)","is_missing":null,"stats":[]},{"value":"55","labl":"CAFAM","is_missing":null,"stats":[]},{"value":"57","labl":"Grupos juveniles creativos","is_missing":null,"stats":[]},{"value":"58","labl":"Bachillerato pacicultor","is_missing":null,"stats":[]},{"value":"6","labl":"C\u00edrculos del aprendizaje (entre 5 a 18 a\u00f1os)","is_missing":null,"stats":[]},{"value":"62","labl":"Retos para gigantes","is_missing":null,"stats":[]},{"value":"63","labl":"Retos para gigantes (entre 5 a 18 a\u00f1os)","is_missing":null,"stats":[]},{"value":"66","labl":"Escuela ind\u00edgena intercultural de j\u00f3venes y adultos (15 a\u00f1os en adelante)","is_missing":null,"stats":[]},{"value":"67","labl":"Escuela integral (15 a\u00f1os en adelante)","is_missing":null,"stats":[]},{"value":"69","labl":"Secundaria Activa","is_missing":null,"stats":[]},{"value":"70","labl":"Virtual asistida UCN (Universidad Catolica del Norte)","is_missing":null,"stats":[]},{"value":"73","labl":"Escuela indigena intercultural de jovenes y adultos","is_missing":null,"stats":[]},{"value":"74","labl":"Escuela integral","is_missing":null,"stats":[]},{"value":"75","labl":"Pensar adultos","is_missing":null,"stats":[]},{"value":"76","labl":"Programa de educaci\u00f3n b\u00e0sica y media para jovenes y adultos.  Universidad Abierta y a Distancia UNAD","is_missing":null,"stats":[]},{"value":"77","labl":"Virtual asistida UCN (Universidad Catolica del Norte)","is_missing":null,"stats":[]},{"value":"80","labl":"Escuela indigena intercultural de jovenes y adultos","is_missing":null,"stats":[]},{"value":"81","labl":"Escuela integral","is_missing":null,"stats":[]},{"value":"82","labl":"Pensar adultos","is_missing":null,"stats":[]},{"value":"83","labl":"Programa de educaci\u00f3n b\u00e0sica y media para jovenes y adultos.  Universidad Abierta y a Distancia UNAD","is_missing":null,"stats":[]},{"value":"9","labl":"Posprimaria","is_missing":null,"stats":[]},{"value":"93","labl":"Nivelemos","is_missing":null,"stats":[]},{"value":"94","labl":"Nivelemos (entre 5 a 18 a\u00f1os)","is_missing":null,"stats":[]},{"value":"95","labl":"Apoyo acad\u00e9mico especial","is_missing":null,"stats":[]},{"value":"96","labl":"Apoyo acad\u00e9mico especial (ni\u00f1as, ni\u00f1os y j\u00f3venes en situaci\u00f3n de enfermedad) (entre 5 a 18 a\u00f1os)","is_missing":null,"stats":[]},{"value":"97","labl":"Apoyo acad\u00e9mico especial","is_missing":null,"stats":[]},{"value":"98","labl":"Apoyo acad\u00e9mico especial","is_missing":null,"stats":[]}],"var_codinstr":null,"var_concept":[],"var_format":{"type":"character","schema":"other","category":null,"name":null},"var_notes":null,"var_val_range":{"min":null,"max":null},"fid":"F23","sid":"834","survey_idno":"DANE-DIMPE-EDUCACIN-FORMAL-2023"}