{"file_id":"F27","vid":"V509","name":"JORNCAP_CANTIDAD_MUJER","var_intrvl":"contin","var_dcml":"0","var_wgt":null,"var_is_wgt":null,"loc_start_pos":"110","loc_end_pos":"111","loc_width":"2","loc_rec_seg_no":"1","labl":"Cantidad mujeres","var_imputation":null,"var_security":"El acceso a microdatos y Mam-up se considera como de tratamiento especial respecto a la reserva estad\u00edstica por tanto estar\u00e1 sujeto a la reglamentaci\u00f3n que para el efecto defina el Comit\u00e9 de Aseguramiento de la reserva estad\u00edstica. Resoluci\u00f3n 173 de 2008.","var_resp_unit":"La fuente primaria son las sedes educativas de Educaci\u00f3n Formal, legalmente constituidas, del sector oficial y del sector no oficial, que ofrecen los niveles de preescolar, b\u00e1sica primaria, b\u00e1sica secundaria y media localizados en el \u00e1rea urbana y rural dentro del territorio nacional. Tambi\u00e9n se incluyen las sedes que ofrecen educaci\u00f3n para adultos (CLEI), as\u00ed como, modelos educativos flexibles que contemplan procesos de aprendizaje dirigidos a grupos de poblaci\u00f3n vulnerable, j\u00f3venes en extra edad y adultos\n\nEl informante id\u00f3neo es el rector o el representante legal de la unidad de observaci\u00f3n.","var_analysis_unit":null,"var_qstn_preqtxt":"49. \u00bfEn esta jornada existen alumnos con discapacidad, trastorno o alg\u00fan tipo de condici\u00f3n ?","var_qstn_qstnlit":"50. \u00bfEn esta jornada existen alumnos con capacidades o talentos excepcionales? Si \/ No","var_qstn_postqtxt":"51. \u00bfEn esta jornada existen alumnos pertenecientes a grupos \u00e9tnicos?","var_qstn_ivuinstr":null,"var_universe":"Sedes educativas de educaci\u00f3n formal, legalmente constituidas, del sector oficial y del sector no oficial, que ofrecen los niveles de preescolar, b\u00e1sica primaria, b\u00e1sica secundaria y media, localizados en el \u00e1rea urbana y rural dentro del territorio nacional. Tambi\u00e9n se incluyen las sedes que ofrecen educaci\u00f3n para adultos (Decreto 3011 de 1997 donde se establecen normas para el ofrecimiento de la educaci\u00f3n de adultos y se dictan otras disposiciones). As\u00ed como,Modelos Educativos Flexibles que contemplan procesos de aprendizaje dirigidos a grupos de poblaci\u00f3n vulnerable, j\u00f3venes en extra edad y adultos.","var_universe_clusion":"I","var_sumstat":[{"value":"0","type":"vald","wgtd":null},{"value":"0","type":"invd","wgtd":null}],"var_txt":"- Capacidad excepcional: persona que obtiene resultados muy altos en pruebas que miden la capacidad intelectual y los conocimientos  generales. Tambi\u00e9n puede presentarse en personas con discapacidad que poseen talentos excepcionales. La determinaci\u00f3n de la condici\u00f3n de capacidad excepcional, de talento excepcional o de discapacidad en un estudiante, debe hacerse mediante una evaluaci\u00f3n interdisciplinaria, por parte de especialistas. En cada Secretar\u00eda de Educaci\u00f3n Certificada al debe existir una instancia que efect\u00fae esta caracterizaci\u00f3n, seg\u00fan lo plantea la Resoluci\u00f3n 2565 de 2003 del Ministerio de Educaci\u00f3n Nacional. (Concepto estandarizado DANE).","var_catgry":[],"var_codinstr":null,"var_concept":[],"var_format":{"type":"numeric","schema":"other","category":null,"name":null},"var_notes":null,"var_val_range":{"min":"0","max":"264"},"fid":"F27","sid":"834","survey_idno":"DANE-DIMPE-EDUCACIN-FORMAL-2023"}