{"file_id":"F29","vid":"V540","name":"GRUPOETN_NOMBRE","var_intrvl":"discrete","var_dcml":null,"var_wgt":null,"var_is_wgt":null,"loc_start_pos":"111","loc_end_pos":"177","loc_width":"67","loc_rec_seg_no":"1","labl":"Nombre del grupo \u00e9tnico","var_imputation":null,"var_security":"El acceso a microdatos y Mam-up se considera como de tratamiento especial respecto a la reserva estad\u00edstica por tanto estar\u00e1 sujeto a la reglamentaci\u00f3n que para el efecto defina el Comit\u00e9 de Aseguramiento de la reserva estad\u00edstica. Resoluci\u00f3n 173 de 2008.","var_resp_unit":"La fuente primaria son las sedes educativas de Educaci\u00f3n Formal, legalmente constituidas, del sector oficial y del sector no oficial, que ofrecen los niveles de preescolar, b\u00e1sica primaria, b\u00e1sica secundaria y media localizados en el \u00e1rea urbana y rural dentro del territorio nacional. Tambi\u00e9n se incluyen las sedes que ofrecen educaci\u00f3n para adultos (CLEI), as\u00ed como, modelos educativos flexibles que contemplan procesos de aprendizaje dirigidos a grupos de poblaci\u00f3n vulnerable, j\u00f3venes en extra edad y adultos\n\nEl informante id\u00f3neo es el rector o el representante legal de la unidad de observaci\u00f3n.","var_analysis_unit":null,"var_qstn_preqtxt":"50. \u00bfEn esta jornada existen alumnos con capacidades o talentos excepcionales?","var_qstn_qstnlit":"51. \u00bfEn esta jornada existen alumnos pertenecientes a grupos \u00e9tnicos? Si \/ No\n\nGrupo \u00e9tnico:\n\n- Ind\u00edgenas\t\n- Rom (gitano)\t\n- Negro, mulato, afrocolombiano o afrodescendiente\t\n- Raizal del Archipi\u00e9lago de San Andres, Providencia y Santa Catalina\t\n- Palenquero de San Basilio","var_qstn_postqtxt":"52. \u00bfEn esta jornada existen alumnos matriculados, desplazados o desmovilizados del conflicto armado?","var_qstn_ivuinstr":null,"var_universe":"Sedes educativas de educaci\u00f3n formal, legalmente constituidas, del sector oficial y del sector no oficial, que ofrecen los niveles de preescolar, b\u00e1sica primaria, b\u00e1sica secundaria y media, localizados en el \u00e1rea urbana y rural dentro del territorio nacional. Tambi\u00e9n se incluyen las sedes que ofrecen educaci\u00f3n para adultos (Decreto 3011 de 1997 donde se establecen normas para el ofrecimiento de la educaci\u00f3n de adultos y se dictan otras disposiciones). As\u00ed como,Modelos Educativos Flexibles que contemplan procesos de aprendizaje dirigidos a grupos de poblaci\u00f3n vulnerable, j\u00f3venes en extra edad y adultos.","var_universe_clusion":"I","var_sumstat":[{"value":"0","type":"vald","wgtd":null},{"value":"0","type":"invd","wgtd":null}],"var_txt":"- Grupos \u00e9tnicos: grupos de personas que se reconocen y son reconocidos por los dem\u00e1s en funci\u00f3n de ciertos elementos comunes (cosmovisi\u00f3n, organizaci\u00f3n social, valores, h\u00e1bitos) adem\u00e1s de usos y costumbres que caracterizan la interacci\u00f3n entre sus miembros y otros grupos. Los grupos \u00e9tnicos de Colombia son: los ind\u00edgenas; el pueblo Rrom o gitano; los raizales de San Andr\u00e9s, Providencia y Santa Catalina, y la poblaci\u00f3n negra, mulata, afrocolombiana o afrodescendiente, junto con los palenqueros de San Basilio.","var_catgry":[{"value":"1","labl":"Ind\u00edgenas","is_missing":null,"stats":[]},{"value":"2","labl":"Rom (gitano)","is_missing":null,"stats":[]},{"value":"3","labl":"Negro, mulato, afrocolombiano o afrodescendiente","is_missing":null,"stats":[]},{"value":"4","labl":"Raizal del Archipi\u00e9lago de San Andres, Providencia y Santa Catalina","is_missing":null,"stats":[]},{"value":"5","labl":"Palenquero de San Basilio","is_missing":null,"stats":[]}],"var_codinstr":null,"var_concept":[],"var_format":{"type":"character","schema":"other","category":null,"name":null},"var_notes":null,"var_val_range":{"min":null,"max":null},"fid":"F29","sid":"834","survey_idno":"DANE-DIMPE-EDUCACIN-FORMAL-2023"}