{"file_id":"F32","vid":"V580","name":"MODELOEDUC_ID","var_intrvl":"contin","var_dcml":"0","var_wgt":null,"var_is_wgt":null,"loc_start_pos":"49","loc_end_pos":"51","loc_width":"3","loc_rec_seg_no":"1","labl":"Identificador del Modelo Educativo Flexible","var_imputation":null,"var_security":"El acceso a microdatos y Mam-up se considera como de tratamiento especial respecto a la reserva estad\u00edstica por tanto estar\u00e1 sujeto a la reglamentaci\u00f3n que para el efecto defina el Comit\u00e9 de Aseguramiento de la reserva estad\u00edstica. Resoluci\u00f3n 173 de 2008.","var_resp_unit":"La fuente primaria son las sedes educativas de Educaci\u00f3n Formal, legalmente constituidas, del sector oficial y del sector no oficial, que ofrecen los niveles de preescolar, b\u00e1sica primaria, b\u00e1sica secundaria y media localizados en el \u00e1rea urbana y rural dentro del territorio nacional. Tambi\u00e9n se incluyen las sedes que ofrecen educaci\u00f3n para adultos (CLEI), as\u00ed como, modelos educativos flexibles que contemplan procesos de aprendizaje dirigidos a grupos de poblaci\u00f3n vulnerable, j\u00f3venes en extra edad y adultos\n\nEl informante id\u00f3neo es el rector o el representante legal de la unidad de observaci\u00f3n.","var_analysis_unit":null,"var_qstn_preqtxt":null,"var_qstn_qstnlit":"- Identificador del Modelo Educativo Flexible\n\n4\tEscuela nueva\n5\tAceleraci\u00f3n del aprendizaje\n6\tC\u00edrculos del aprendizaje\n9\tPosprimaria\n10\tTelesecundaria\n11\tCaminar en secundaria\n14\tModelos de educaci\u00f3n con profundizaci\u00f3n en educaci\u00f3n para el trabajo\n17\tMedia Rural\n31\tTransformemos\n32\tSistema de aprendizaje tutorial (SAT)\n33\tServicio de educaci\u00f3n rural (SER)\n34\tCAFAM\n35\tA crecer\n38\tEscuelas de perd\u00f3n y reconciliaci\u00f3n ESPERE\n39\tFormaci\u00f3n para la Reintegraci\u00f3n\n42\tSistema de aprendizaje tutorial (SAT)\n43\tServicio de educaci\u00f3n rural (SER)\n44\tCAFAM\n46\tGrupos juveniles creativos\n47\tBachillerato pacicultor\n49\tFormaci\u00f3n para la Reintegraci\u00f3n\n52\tTransformemos\n53\tSistema de aprendizaje tutorial (SAT)\n54\tServicio de educaci\u00f3n rural (SER)\n55\tCAFAM\n57\tGrupos juveniles creativos\n60\tFormaci\u00f3n para la Reintegraci\u00f3n\n62\tRetos para gigantes\n63\tRetos para gigantes\n64\tVirtual asistida UCN (Universidad Catolica del Norte)\n65\tSer humano\n66\tEscuela indigena intercultural de jovenes y adultos\n67\tEscuela integral\n68\tPrograma de educaci\u00f3n b\u00e1sica y media para jovenes y adultos. Universidad Abierta y a Distancia UNAD\n69\tSecundaria Activa\n70\tVirtual asistida UCN (Universidad Catolica del Norte)\n71\tSer humano\n73\tEscuela indigena intercultural de jovenes y adultos\n74\tEscuela integral\n75\tPensar\n76\tPrograma de educaci\u00f3n b\u00e0sica y media para jovenes y adultos.  Universidad Abierta y a Distancia UNAD\n77\tVirtual asistida UCN (Universidad Catolica del Norte)\n78\tSer humano\n80\tEscuela indigena intercultural de jovenes y adultos\n81\tEscuela integral\n82\tPensar\n83\tPrograma de educaci\u00f3n b\u00e0sica y media para jovenes y adultos.  Universidad Abierta y a Distancia UNAD\n93\tNivelemos\n95\tApoyo acad\u00e9mico especial\n96\tApoyo acad\u00e9mico especial\n97\tApoyo acad\u00e9mico especial\n98\tApoyo acad\u00e9mico especial\n117\tPrograma para j\u00f3venes en extraedad y adultos","var_qstn_postqtxt":null,"var_qstn_ivuinstr":null,"var_universe":"Sedes educativas de educaci\u00f3n formal, legalmente constituidas, del sector oficial y del sector no oficial, que ofrecen los niveles de preescolar, b\u00e1sica primaria, b\u00e1sica secundaria y media, localizados en el \u00e1rea urbana y rural dentro del territorio nacional. Tambi\u00e9n se incluyen las sedes que ofrecen educaci\u00f3n para adultos (Decreto 3011 de 1997 donde se establecen normas para el ofrecimiento de la educaci\u00f3n de adultos y se dictan otras disposiciones). As\u00ed como,Modelos Educativos Flexibles que contemplan procesos de aprendizaje dirigidos a grupos de poblaci\u00f3n vulnerable, j\u00f3venes en extra edad y adultos.","var_universe_clusion":"I","var_sumstat":[{"value":"0","type":"vald","wgtd":null},{"value":"0","type":"invd","wgtd":null}],"var_txt":null,"var_catgry":[{"value":"4","labl":"Escuela nueva","is_missing":null,"stats":[]},{"value":"5","labl":"Aceleraci\u00f3n del aprendizaje","is_missing":null,"stats":[]},{"value":"6","labl":"C\u00edrculos del aprendizaje","is_missing":null,"stats":[]},{"value":"9","labl":"Posprimaria","is_missing":null,"stats":[]},{"value":"10","labl":"Telesecundaria","is_missing":null,"stats":[]},{"value":"11","labl":"Caminar en secundaria","is_missing":null,"stats":[]},{"value":"14","labl":"Modelos de educaci\u00f3n con profundizaci\u00f3n en educaci\u00f3n para el trabajo","is_missing":null,"stats":[]},{"value":"17","labl":"Media Rural","is_missing":null,"stats":[]},{"value":"31","labl":"Transformemos","is_missing":null,"stats":[]},{"value":"32","labl":"Sistema de aprendizaje tutorial (SAT)","is_missing":null,"stats":[]},{"value":"33","labl":"Servicio de educaci\u00f3n rural (SER)","is_missing":null,"stats":[]},{"value":"34","labl":"CAFAM","is_missing":null,"stats":[]},{"value":"35","labl":"A crecer","is_missing":null,"stats":[]},{"value":"38","labl":"Escuelas de perd\u00f3n y reconciliaci\u00f3n ESPERE","is_missing":null,"stats":[]},{"value":"39","labl":"Formaci\u00f3n para la Reintegraci\u00f3n","is_missing":null,"stats":[]},{"value":"42","labl":"Sistema de aprendizaje tutorial (SAT)","is_missing":null,"stats":[]},{"value":"43","labl":"Servicio de educaci\u00f3n rural (SER)","is_missing":null,"stats":[]},{"value":"44","labl":"CAFAM","is_missing":null,"stats":[]},{"value":"46","labl":"Grupos juveniles creativos","is_missing":null,"stats":[]},{"value":"47","labl":"Bachillerato pacicultor","is_missing":null,"stats":[]},{"value":"49","labl":"Formaci\u00f3n para la Reintegraci\u00f3n","is_missing":null,"stats":[]},{"value":"52","labl":"Transformemos","is_missing":null,"stats":[]},{"value":"53","labl":"Sistema de aprendizaje tutorial (SAT)","is_missing":null,"stats":[]},{"value":"54","labl":"Servicio de educaci\u00f3n rural (SER)","is_missing":null,"stats":[]},{"value":"55","labl":"CAFAM","is_missing":null,"stats":[]},{"value":"57","labl":"Grupos juveniles creativos","is_missing":null,"stats":[]},{"value":"60","labl":"Formaci\u00f3n para la Reintegraci\u00f3n","is_missing":null,"stats":[]},{"value":"62","labl":"Retos para gigantes","is_missing":null,"stats":[]},{"value":"63","labl":"Retos para gigantes","is_missing":null,"stats":[]},{"value":"64","labl":"Virtual asistida UCN (Universidad Catolica del Norte)","is_missing":null,"stats":[]},{"value":"65","labl":"Ser humano","is_missing":null,"stats":[]},{"value":"66","labl":"Escuela indigena intercultural de jovenes y adultos","is_missing":null,"stats":[]},{"value":"67","labl":"Escuela integral","is_missing":null,"stats":[]},{"value":"68","labl":"Programa de educaci\u00f3n b\u00e1sica y media para jovenes y adultos. Universidad Abierta y a Distancia UNAD","is_missing":null,"stats":[]},{"value":"69","labl":"Secundaria Activa","is_missing":null,"stats":[]},{"value":"70","labl":"Virtual asistida UCN (Universidad Catolica del Norte)","is_missing":null,"stats":[]},{"value":"71","labl":"Ser humano","is_missing":null,"stats":[]},{"value":"73","labl":"Escuela indigena intercultural de jovenes y adultos","is_missing":null,"stats":[]},{"value":"74","labl":"Escuela integral","is_missing":null,"stats":[]},{"value":"75","labl":"Pensar","is_missing":null,"stats":[]},{"value":"76","labl":"Programa de educaci\u00f3n b\u00e0sica y media para jovenes y adultos.  Universidad Abierta y a Distancia UNAD","is_missing":null,"stats":[]},{"value":"77","labl":"Virtual asistida UCN (Universidad Catolica del Norte)","is_missing":null,"stats":[]},{"value":"78","labl":"Ser humano","is_missing":null,"stats":[]},{"value":"80","labl":"Escuela indigena intercultural de jovenes y adultos","is_missing":null,"stats":[]},{"value":"81","labl":"Escuela integral","is_missing":null,"stats":[]},{"value":"82","labl":"Pensar","is_missing":null,"stats":[]},{"value":"83","labl":"Programa de educaci\u00f3n b\u00e0sica y media para jovenes y adultos.  Universidad Abierta y a Distancia UNAD","is_missing":null,"stats":[]},{"value":"93","labl":"Nivelemos","is_missing":null,"stats":[]},{"value":"95","labl":"Apoyo acad\u00e9mico especial","is_missing":null,"stats":[]},{"value":"96","labl":"Apoyo acad\u00e9mico especial","is_missing":null,"stats":[]},{"value":"97","labl":"Apoyo acad\u00e9mico especial","is_missing":null,"stats":[]},{"value":"98","labl":"Apoyo acad\u00e9mico especial","is_missing":null,"stats":[]},{"value":"117","labl":"Programa para j\u00f3venes en extraedad y adultos","is_missing":null,"stats":[]}],"var_codinstr":null,"var_concept":[],"var_format":{"type":"numeric","schema":"other","category":null,"name":null},"var_notes":null,"var_val_range":{"min":"4","max":"117"},"fid":"F32","sid":"834","survey_idno":"DANE-DIMPE-EDUCACIN-FORMAL-2023"}