{"file_id":"F2","vid":"V72","name":"REGIMEN","var_intrvl":"discrete","var_dcml":null,"var_wgt":null,"var_is_wgt":null,"loc_start_pos":"832","loc_end_pos":"849","loc_width":"18","loc_rec_seg_no":"1","labl":"Nombre del r\u00e9gimen en el cual est\u00e1 clasificada la sede educativa","var_imputation":null,"var_security":"El acceso a microdatos y Mam-up se considera como de tratamiento especial respecto a la reserva estad\u00edstica por tanto estar\u00e1 sujeto a la reglamentaci\u00f3n que para el efecto defina el Comit\u00e9 de Aseguramiento de la reserva estad\u00edstica. Resoluci\u00f3n 173 de 2008.","var_resp_unit":"La fuente primaria son las sedes educativas de Educaci\u00f3n Formal, legalmente constituidas, del sector oficial y del sector no oficial, que ofrecen los niveles de preescolar, b\u00e1sica primaria, b\u00e1sica secundaria y media localizados en el \u00e1rea urbana y rural dentro del territorio nacional. Tambi\u00e9n se incluyen las sedes que ofrecen educaci\u00f3n para adultos (CLEI), as\u00ed como, modelos educativos flexibles que contemplan procesos de aprendizaje dirigidos a grupos de poblaci\u00f3n vulnerable, j\u00f3venes en extra edad y adultos\n\nEl informante id\u00f3neo es el rector o el representante legal de la unidad de observaci\u00f3n.","var_analysis_unit":null,"var_qstn_preqtxt":"20. Registre la fecha en la cual la sede educativa inici\u00f3 operaciones","var_qstn_qstnlit":"21. R\u00e9gimen en el cual est\u00e1 clasificada la sede educativa: (Esta pregunta se aplica \u00fanicamente al sector no oficial).\n\n- Libertad vigilada\t\n- Libertad regulada\t\n- R\u00e9gimen controlado","var_qstn_postqtxt":"22. Seleccione la alternativa que corresponda seg\u00fan la modalidad en la que ofrece y presta el servicio educativo","var_qstn_ivuinstr":null,"var_universe":"Sedes educativas de educaci\u00f3n formal, legalmente constituidas, del sector oficial y del sector no oficial, que ofrecen los niveles de preescolar, b\u00e1sica primaria, b\u00e1sica secundaria y media, localizados en el \u00e1rea urbana y rural dentro del territorio nacional. Tambi\u00e9n se incluyen las sedes que ofrecen educaci\u00f3n para adultos (Decreto 3011 de 1997 donde se establecen normas para el ofrecimiento de la educaci\u00f3n de adultos y se dictan otras disposiciones). As\u00ed como,Modelos Educativos Flexibles que contemplan procesos de aprendizaje dirigidos a grupos de poblaci\u00f3n vulnerable, j\u00f3venes en extra edad y adultos.","var_universe_clusion":"I","var_sumstat":[{"value":"0","type":"vald","wgtd":null},{"value":"0","type":"invd","wgtd":null}],"var_txt":"- Libertad regulada: es el r\u00e9gimen aplicable al establecimiento educativo privado que le permite, previa evaluaci\u00f3n y clasificaci\u00f3n de los servicios que ofrece, la adopci\u00f3n de tarifas dentro de los rangos de valores preestablecidos para la categor\u00eda de servicio en que resulte clasificado. (Concepto estandarizado DANE).\n\n- Libertad vigilada: es el r\u00e9gimen mediante el cual un establecimiento educativo privado puede fijar sus tarifas libremente, con el requisito de comunicarla a la secretar\u00eda de educaci\u00f3n con sesenta d\u00edas calendario de anticipaci\u00f3n a la fecha prevista para la matr\u00edcula de los alumnos. La solicitud presentada a la secretar\u00eda de educaci\u00f3n debe ir acompa\u00f1ada del estudio de costos correspondiente. Concepto estandarizado DANE).\n\n- R\u00e9gimen controlado: r\u00e9gimen mediante el cual un establecimiento educativo privado puede fijar sus tarifas por sometimiento voluntario o por determinaci\u00f3n de la entidad territorial certificada, cuando se comprueba la existencia de infracciones a los reg\u00edmenes anteriores previstos en la ley. (Concepto estandarizado DANE).","var_catgry":[{"value":"1","labl":"Libertad Vigilada","is_missing":null,"stats":[]},{"value":"2","labl":"Libertad Regulada","is_missing":null,"stats":[]},{"value":"3","labl":"R\u00e9gimen controlado","is_missing":null,"stats":[]}],"var_codinstr":null,"var_concept":[],"var_format":{"type":"character","schema":"other","category":null,"name":null},"var_notes":null,"var_val_range":{"min":null,"max":null},"fid":"F2","sid":"834","survey_idno":"DANE-DIMPE-EDUCACIN-FORMAL-2023"}