{"file_id":"F3","vid":"V482","name":"C02A","var_intrvl":"discrete","var_dcml":"0","var_wgt":null,"var_is_wgt":null,"loc_start_pos":null,"loc_end_pos":null,"loc_width":null,"loc_rec_seg_no":null,"labl":"Correspondieron con las funciones de mi cargo","var_imputation":null,"var_security":"El acceso a microdatos y Mam-up se considera como de tratamiento especial respecto a la reserva estad\u00edstica por tanto estar\u00e1 sujeto a la reglamentaci\u00f3n que para el efecto defina el Comit\u00e9 de Aseguramiento de la reserva estad\u00edstica. Resoluci\u00f3n 173 de 2008.","var_resp_unit":null,"var_analysis_unit":null,"var_qstn_preqtxt":"Lo que hago en mi trabajo es muy interesante","var_qstn_qstnlit":"Pensando en las actividades que realiza en su trabajo, \u00bfqu\u00e9 tan de acuerdo o en desacuerdo est\u00e1 usted con las siguientes afirmaciones?\n\na. Correspondieron con las funciones de mi cargo:\n\n5\tTotalmente de acuerdo\n4\tDe acuerdo\n3              Ni de acuerdo ni en desacuerdo\n2\tEn desacuerdo\n1\tTotalmente en desacuerdo\n9              No tiene conocimiento\/ Prefiere no contestar","var_qstn_postqtxt":"Contribuyeron a mi crecimiento profesional","var_qstn_ivuinstr":"Los literales de esta pregunta se refieren al grado de acuerdo o desacuerdo del servidor(a) respecto a la satisfacci\u00f3n y emociones que despiertan su labor en la entidad.as, que terminan por impedir que los grupos de trabajo se constituyan en canales de innovaci\u00f3n y mejoramiento continuo del trabajo. \n\na. Correspondieron con las funciones de mi cargo: las actividades que hace el servidor\/a en su trabajo corresponden con lo estipulado en su manual de funciones.","var_universe":"Servidores p\u00fablicos pertenecientes al nivel central de las entidades de los poderes ejecutivo, legislativo y judicial; organismos de control; organismos aut\u00f3nomos; entes universitarios aut\u00f3nomos, de organizaci\u00f3n electoral y corporaciones aut\u00f3nomas regionales colombianas. (Vinculados por libre nombramiento y remoci\u00f3n, carrera administrativa y provisionalidad)","var_universe_clusion":"I","var_sumstat":[{"value":"10994","type":"vald","wgtd":null},{"value":"0","type":"invd","wgtd":null}],"var_txt":null,"var_catgry":[{"value":"1","labl":"Totalmente en desacuerdo","is_missing":null,"stats":[{"value":"125","type":"freq","wgtd":null}]},{"value":"2","labl":"En desacuerdo","is_missing":null,"stats":[{"value":"332","type":"freq","wgtd":null}]},{"value":"3","labl":"Ni de acuerdo ni en desacuerdo","is_missing":null,"stats":[{"value":"647","type":"freq","wgtd":null}]},{"value":"4","labl":"De acuerdo","is_missing":null,"stats":[{"value":"4747","type":"freq","wgtd":null}]},{"value":"5","labl":"Totalmente de acuerdo","is_missing":null,"stats":[{"value":"5089","type":"freq","wgtd":null}]},{"value":"9","labl":"No tiene conocimiento\/ Prefiere no contestar","is_missing":null,"stats":[{"value":"54","type":"freq","wgtd":null}]}],"var_codinstr":null,"var_concept":[],"var_format":{"type":"numeric","schema":"other","category":null,"name":null},"var_notes":null,"var_val_range":{"min":"1","max":"9"},"fid":"F3","sid":"895","survey_idno":"DANE-DIMPE-EDID-REGION-2024"}