{"file_id":"F3","vid":"V525","name":"C13","var_intrvl":"discrete","var_dcml":"0","var_wgt":null,"var_is_wgt":null,"loc_start_pos":null,"loc_end_pos":null,"loc_width":null,"loc_rec_seg_no":null,"labl":"Durante los \u00faltimos tres meses, en promedio, \u00bfcu\u00e1ntas veces por semana ha ido presencialmente a su lugar habitual de trabajo?","var_imputation":null,"var_security":"El acceso a microdatos y Mam-up se considera como de tratamiento especial respecto a la reserva estad\u00edstica por tanto estar\u00e1 sujeto a la reglamentaci\u00f3n que para el efecto defina el Comit\u00e9 de Aseguramiento de la reserva estad\u00edstica. Resoluci\u00f3n 173 de 2008.","var_resp_unit":null,"var_analysis_unit":null,"var_qstn_preqtxt":"Permanece ordenado y limpio:","var_qstn_qstnlit":"Durante los \u00faltimos tres meses, en promedio,\n\u00bfcu\u00e1ntos d\u00edas por semana se encuentra en\nteletrabajo9?\n\n1=Una vez por semana\n2=2 veces por semana\n3=3 veces por semana\n4=4 veces por semana\n5=Todos los d\u00edas de la semana\n6=No teletrabaja","var_qstn_postqtxt":"\u00bfCu\u00e1l es la principal dificultad que se le ha presentado a la hora de trabajar virtualmente (teletrabajo)?","var_qstn_ivuinstr":"La pregunta indaga por la frecuencia (en t\u00e9rminos de promedio) en la cual el servidor\/a ha acudido\npresencialmente a su lugar de trabajo durante los \u00faltimos tres meses.\nTenga en cuenta que existe un filtro para quienes responden la opci\u00f3n \u201ctodos los d\u00edas de la semana\u201d, los\ncuales pasan a responder la pregunta C17.","var_universe":"Servidores p\u00fablicos pertenecientes al nivel central de las entidades de los poderes ejecutivo, legislativo y judicial; organismos de control; organismos aut\u00f3nomos; entes universitarios aut\u00f3nomos, de organizaci\u00f3n electoral y corporaciones aut\u00f3nomas regionales colombianas. (Vinculados por libre nombramiento y remoci\u00f3n, carrera administrativa y provisionalidad)","var_universe_clusion":"I","var_sumstat":[{"value":"10994","type":"vald","wgtd":null},{"value":"0","type":"invd","wgtd":null}],"var_txt":null,"var_catgry":[{"value":"1","labl":"Una vez por semana","is_missing":null,"stats":[{"value":"336","type":"freq","wgtd":null}]},{"value":"2","labl":"2 veces por semana","is_missing":null,"stats":[{"value":"649","type":"freq","wgtd":null}]},{"value":"3","labl":"3 veces por semana","is_missing":null,"stats":[{"value":"573","type":"freq","wgtd":null}]},{"value":"4","labl":"4 veces por semana","is_missing":null,"stats":[{"value":"91","type":"freq","wgtd":null}]},{"value":"5","labl":"Todos los d\u00edas de la semana","is_missing":null,"stats":[{"value":"490","type":"freq","wgtd":null}]},{"value":"6","labl":"No teletrabaja","is_missing":null,"stats":[{"value":"8855","type":"freq","wgtd":null}]}],"var_codinstr":null,"var_concept":[],"var_format":{"type":"numeric","schema":"other","category":null,"name":null},"var_notes":null,"var_val_range":{"min":"1","max":"6"},"fid":"F3","sid":"895","survey_idno":"DANE-DIMPE-EDID-REGION-2024"}