{"file_id":"F3","vid":"V527","name":"C15","var_intrvl":"discrete","var_dcml":"0","var_wgt":null,"var_is_wgt":null,"loc_start_pos":null,"loc_end_pos":null,"loc_width":null,"loc_rec_seg_no":null,"labl":"\u00bfSu entidad ha realizado una verificaci\u00f3n de seguridad y salud de su espacio de teletrabajo? Ejemplo: una verificaci\u00f3n de si su espacio de teletrabajo le permite trabajar en una posici\u00f3n f\u00edsica adecuada, sin generar fatiga visual o dolor de espalda. (Opci\u00f3n de respuesta \u00fanica)","var_imputation":null,"var_security":"El acceso a microdatos y Mam-up se considera como de tratamiento especial respecto a la reserva estad\u00edstica por tanto estar\u00e1 sujeto a la reglamentaci\u00f3n que para el efecto defina el Comit\u00e9 de Aseguramiento de la reserva estad\u00edstica. Resoluci\u00f3n 173 de 2008.","var_resp_unit":null,"var_analysis_unit":null,"var_qstn_preqtxt":"\u00bfCu\u00e1l es la principal dificultad que se le ha presentado a la hora de trabajar virtualmente (teletrabajo)?","var_qstn_qstnlit":"\u00bfSu entidad ha realizado una verificaci\u00f3n de seguridad y salud de su espacio de teletrabajo?\nEjemplo: una verificaci\u00f3n de si su espacio de teletrabajo le permite trabajar en una posici\u00f3n f\u00edsica adecuada, sin generar fatiga visual o dolor de espalda. (Opci\u00f3n de respuesta \u00fanica)\n\n1\tSi\t\n2\tNo, pero me han orientado sobre c\u00f3mo realizar una autoevaluaci\u00f3n de seguridad\t\n3\tNo","var_qstn_postqtxt":"Estoy m\u00e1s distra\u00edda\/o de mis deberes laborales en el lugar donde desarrollo el trabajo que en la oficina (o mi lugar de trabajo habitual)","var_qstn_ivuinstr":"De acuerdo la Ley 1221 y el Decreto 884 de 2012 la inspecci\u00f3n de ergonom\u00eda es obligatoria para todos los\nservidores que ejercen sus funciones bajo la modalidad de teletrabajo. Dado que la ley no contempla el caso\ndel trabajo remoto o en casa no hay exigencia con respecto a este tipo de inspecciones, aunque como parte\nde las acciones del Sistema de Gesti\u00f3n de Seguridad y Salud, es posible que al interior de als organizaciones\nse realicen acciones de capacitaci\u00f3n y acompa\u00f1amiento sobre temas de ergonom\u00eda y seguridad en el puesto\nde trabajo.","var_universe":"Servidores p\u00fablicos pertenecientes al nivel central de las entidades de los poderes ejecutivo, legislativo y judicial; organismos de control; organismos aut\u00f3nomos; entes universitarios aut\u00f3nomos, de organizaci\u00f3n electoral y corporaciones aut\u00f3nomas regionales colombianas. (Vinculados por libre nombramiento y remoci\u00f3n, carrera administrativa y provisionalidad)","var_universe_clusion":"I","var_sumstat":[{"value":"2139","type":"vald","wgtd":null},{"value":"8855","type":"invd","wgtd":null}],"var_txt":null,"var_catgry":[{"value":"1","labl":"Si","is_missing":null,"stats":[{"value":"1439","type":"freq","wgtd":null}]},{"value":"2","labl":"No, pero me han orientado sobre c\u00f3mo realizar una autoevaluaci\u00f3n de seguridad","is_missing":null,"stats":[{"value":"310","type":"freq","wgtd":null}]},{"value":"3","labl":"No","is_missing":null,"stats":[{"value":"390","type":"freq","wgtd":null}]},{"value":"Sysmiss","labl":null,"is_missing":"Y","stats":[{"value":"8855","type":"freq","wgtd":null}]}],"var_codinstr":null,"var_concept":[],"var_format":{"type":"numeric","schema":"other","category":null,"name":null},"var_notes":null,"var_val_range":{"min":"1","max":"3"},"fid":"F3","sid":"895","survey_idno":"DANE-DIMPE-EDID-REGION-2024"}