{"file_id":"F3","vid":"V550","name":"C18B","var_intrvl":"discrete","var_dcml":"0","var_wgt":null,"var_is_wgt":null,"loc_start_pos":null,"loc_end_pos":null,"loc_width":null,"loc_rec_seg_no":null,"labl":"Mis compa\u00f1eros de equipo cuentan con las competencias necesarias para cumplir con sus funciones efectivamente","var_imputation":null,"var_security":"El acceso a microdatos y Mam-up se considera como de tratamiento especial respecto a la reserva estad\u00edstica por tanto estar\u00e1 sujeto a la reglamentaci\u00f3n que para el efecto defina el Comit\u00e9 de Aseguramiento de la reserva estad\u00edstica. Resoluci\u00f3n 173 de 2008.","var_resp_unit":null,"var_analysis_unit":null,"var_qstn_preqtxt":"Soy tratado con respeto por las personas con quienes trabajo","var_qstn_qstnlit":"Pensando en sus compa\u00f1eros de trabajo, durante los \u00faltimos doce meses, \u00bfqu\u00e9 tan de acuerdo o en desacuerdo est\u00e1 usted con las siguientes afirmaciones?\n\nb. Mis compa\u00f1eros de equipo cuentan con las competencias necesarias para cumplir con sus funciones efectivamente: \n\n5\tTotalmente de acuerdo\n4\tDe acuerdo\n3              Ni de acuerdo ni en desacuerdo\n2\tEn desacuerdo\n1\tTotalmente en desacuerdo\n9              No tiene conocimiento\/ Prefiere no contestar","var_qstn_postqtxt":"Mis compa\u00f1eros de trabajo son confiables","var_qstn_ivuinstr":"Esta pregunta hace referencia a la experiencia de los servidores con respecto a su relaci\u00f3n con otros compa\u00f1eros de trabajo.\nb. Mis compa\u00f1eros de equipo cuentan con las competencias necesarias para cumplir con sus funciones efectivamente: percepci\u00f3n del servidor\/a frente a las capacidades de las personas que conforman su equipo de trabajo.","var_universe":"Servidores p\u00fablicos pertenecientes al nivel central de las entidades de los poderes ejecutivo, legislativo y judicial; organismos de control; organismos aut\u00f3nomos; entes universitarios aut\u00f3nomos, de organizaci\u00f3n electoral y corporaciones aut\u00f3nomas regionales colombianas. (Vinculados por libre nombramiento y remoci\u00f3n, carrera administrativa y provisionalidad)","var_universe_clusion":"I","var_sumstat":[{"value":"10994","type":"vald","wgtd":null},{"value":"0","type":"invd","wgtd":null}],"var_txt":null,"var_catgry":[{"value":"1","labl":"Totalmente en desacuerdo","is_missing":null,"stats":[{"value":"118","type":"freq","wgtd":null}]},{"value":"2","labl":"En desacuerdo","is_missing":null,"stats":[{"value":"462","type":"freq","wgtd":null}]},{"value":"3","labl":"Ni de acuerdo ni en desacuerdo","is_missing":null,"stats":[{"value":"1241","type":"freq","wgtd":null}]},{"value":"4","labl":"De acuerdo","is_missing":null,"stats":[{"value":"5135","type":"freq","wgtd":null}]},{"value":"5","labl":"Totalmente de acuerdo","is_missing":null,"stats":[{"value":"3841","type":"freq","wgtd":null}]},{"value":"9","labl":"No tiene conocimiento\/ Prefiere no contestar","is_missing":null,"stats":[{"value":"197","type":"freq","wgtd":null}]}],"var_codinstr":null,"var_concept":[],"var_format":{"type":"numeric","schema":"other","category":null,"name":null},"var_notes":null,"var_val_range":{"min":"1","max":"9"},"fid":"F3","sid":"895","survey_idno":"DANE-DIMPE-EDID-REGION-2024"}