{"file_id":"F3","vid":"V581","name":"D01D","var_intrvl":"discrete","var_dcml":"0","var_wgt":null,"var_is_wgt":null,"loc_start_pos":null,"loc_end_pos":null,"loc_width":null,"loc_rec_seg_no":null,"labl":"Ayuda de familiares, amigos u otros contactos personales dentro del sector p\u00fablico.","var_imputation":null,"var_security":"El acceso a microdatos y Mam-up se considera como de tratamiento especial respecto a la reserva estad\u00edstica por tanto estar\u00e1 sujeto a la reglamentaci\u00f3n que para el efecto defina el Comit\u00e9 de Aseguramiento de la reserva estad\u00edstica. Resoluci\u00f3n 173 de 2008.","var_resp_unit":null,"var_analysis_unit":null,"var_qstn_preqtxt":"Las competencias laborales.","var_qstn_qstnlit":"En los \u00faltimos doce meses, \u00bfqu\u00e9 tan importantes fueron los siguientes criterios en los procesos de vinculaci\u00f3n de personal en su entidad?  \n\nd. Ayuda de familiares, amigos u otros contactos personales dentro del sector p\u00fablico.\n\n5\tMuy importante\t\n4\tImportante\n3\tMedianamente importante\n2\tPoco importante\t\n1\tNada importante\t\n9\tNo tiene conocimiento \/ prefiere no contestar","var_qstn_postqtxt":"Ayuda de un pol\u00edtico o de alguien con v\u00ednculos pol\u00edticos.","var_qstn_ivuinstr":"Con esta pregunta se puede conocer cu\u00e1les son los prin\u00adcipales factores que pueden explicar la elecci\u00f3n y el tipo de servidores(as) que son vinculados a la entidad. \nLos literales de esta pregunta indagan qu\u00e9 tan de importante es el uso de alg\u00fan tipo de factores en los procesos de vinculaci\u00f3n de personal. \nd. Ayuda de familiares, amigos u otros contactos personales dentro del sector p\u00fablico: uso de las relaciones personales, familiares o de amistad con el fin de conseguir beneficios o ventajas ilegales para la vinculaci\u00f3n.","var_universe":"Servidores p\u00fablicos pertenecientes al nivel central de las entidades de los poderes ejecutivo, legislativo y judicial; organismos de control; organismos aut\u00f3nomos; entes universitarios aut\u00f3nomos, de organizaci\u00f3n electoral y corporaciones aut\u00f3nomas regionales colombianas. (Vinculados por libre nombramiento y remoci\u00f3n, carrera administrativa y provisionalidad)","var_universe_clusion":"I","var_sumstat":[{"value":"10994","type":"vald","wgtd":null},{"value":"0","type":"invd","wgtd":null}],"var_txt":null,"var_catgry":[{"value":"1","labl":"Nada importante","is_missing":null,"stats":[{"value":"1519","type":"freq","wgtd":null}]},{"value":"2","labl":"Poco importante","is_missing":null,"stats":[{"value":"1210","type":"freq","wgtd":null}]},{"value":"3","labl":"Medianamente importante","is_missing":null,"stats":[{"value":"1006","type":"freq","wgtd":null}]},{"value":"4","labl":"Importante","is_missing":null,"stats":[{"value":"1987","type":"freq","wgtd":null}]},{"value":"5","labl":"Muy importante","is_missing":null,"stats":[{"value":"1850","type":"freq","wgtd":null}]},{"value":"9","labl":"No tiene conocimiento \/ prefiere no contestar","is_missing":null,"stats":[{"value":"3422","type":"freq","wgtd":null}]}],"var_codinstr":null,"var_concept":[],"var_format":{"type":"numeric","schema":"other","category":null,"name":null},"var_notes":null,"var_val_range":{"min":"1","max":"9"},"fid":"F3","sid":"895","survey_idno":"DANE-DIMPE-EDID-REGION-2024"}