{"file_id":"F3","vid":"V599","name":"D08B","var_intrvl":"discrete","var_dcml":"0","var_wgt":null,"var_is_wgt":null,"loc_start_pos":null,"loc_end_pos":null,"loc_width":null,"loc_rec_seg_no":null,"labl":"Si no tengo un buen desempe\u00f1o laboral, podr\u00eda perder mi empleo","var_imputation":null,"var_security":"El acceso a microdatos y Mam-up se considera como de tratamiento especial respecto a la reserva estad\u00edstica por tanto estar\u00e1 sujeto a la reglamentaci\u00f3n que para el efecto defina el Comit\u00e9 de Aseguramiento de la reserva estad\u00edstica. Resoluci\u00f3n 173 de 2008.","var_resp_unit":null,"var_analysis_unit":null,"var_qstn_preqtxt":"Ser\u00eda dif\u00edcil que me desvinculen del sector p\u00fablico","var_qstn_qstnlit":"Pensando en su estabilidad laboral, \u00bfqu\u00e9 tan de acuerdo o en desacuerdo est\u00e1 usted con las siguientes afirmaciones?\n\t\nb. Si no tengo un buen desempe\u00f1o laboral, podr\u00eda perder mi empleo: \n\n5\tTotalmente de acuerdo\n4\tDe acuerdo\n3              Ni de acuerdo ni en desacuerdo\n2\tEn desacuerdo\n1\tTotalmente en desacuerdo\n9              No tiene conocimiento\/ Prefiere no contestar","var_qstn_postqtxt":"Los cambios de gobierno afectan mi estabilidad laboral:","var_qstn_ivuinstr":"La pregunta hace referencia a la percepci\u00f3n de las y los servidores sobre la posibilidad de perder su trabajo en el sector p\u00fablico.\nb. Si no tengo un buen desempe\u00f1o laboral, podr\u00eda perder mi empleo: percepci\u00f3n del servidor\/a de que su desempe\u00f1o laboral puede ser un determinante para ser desvinculado de la entidad.","var_universe":"Servidores p\u00fablicos pertenecientes al nivel central de las entidades de los poderes ejecutivo, legislativo y judicial; organismos de control; organismos aut\u00f3nomos; entes universitarios aut\u00f3nomos, de organizaci\u00f3n electoral y corporaciones aut\u00f3nomas regionales colombianas. (Vinculados por libre nombramiento y remoci\u00f3n, carrera administrativa y provisionalidad)","var_universe_clusion":"I","var_sumstat":[{"value":"10994","type":"vald","wgtd":null},{"value":"0","type":"invd","wgtd":null}],"var_txt":null,"var_catgry":[{"value":"1","labl":"Totalmente en desacuerdo","is_missing":null,"stats":[{"value":"279","type":"freq","wgtd":null}]},{"value":"2","labl":"En desacuerdo","is_missing":null,"stats":[{"value":"644","type":"freq","wgtd":null}]},{"value":"3","labl":"Ni de acuerdo ni en desacuerdo","is_missing":null,"stats":[{"value":"1339","type":"freq","wgtd":null}]},{"value":"4","labl":"De acuerdo","is_missing":null,"stats":[{"value":"5392","type":"freq","wgtd":null}]},{"value":"5","labl":"Totalmente de acuerdo","is_missing":null,"stats":[{"value":"2888","type":"freq","wgtd":null}]},{"value":"9","labl":"No tiene conocimiento \/ prefiere no contestar","is_missing":null,"stats":[{"value":"452","type":"freq","wgtd":null}]}],"var_codinstr":null,"var_concept":[],"var_format":{"type":"numeric","schema":"other","category":null,"name":null},"var_notes":null,"var_val_range":{"min":"1","max":"9"},"fid":"F3","sid":"895","survey_idno":"DANE-DIMPE-EDID-REGION-2024"}