{"file_id":"F3","vid":"V621","name":"E03","var_intrvl":"discrete","var_dcml":"0","var_wgt":null,"var_is_wgt":null,"loc_start_pos":null,"loc_end_pos":null,"loc_width":null,"loc_rec_seg_no":null,"labl":"\u00bfCree usted que su entidad fomenta las habilidades digitales que necesita para realizar su trabajo actual?","var_imputation":null,"var_security":"El acceso a microdatos y Mam-up se considera como de tratamiento especial respecto a la reserva estad\u00edstica por tanto estar\u00e1 sujeto a la reglamentaci\u00f3n que para el efecto defina el Comit\u00e9 de Aseguramiento de la reserva estad\u00edstica. Resoluci\u00f3n 173 de 2008.","var_resp_unit":null,"var_analysis_unit":null,"var_qstn_preqtxt":"\u00bfQu\u00e9 nivel de uso del computador es necesario para realizar su trabajo actual? (Opci\u00f3n de respuesta \u00fanica)","var_qstn_qstnlit":"\u00bfCree usted que su entidad fomenta las habilidades digitales que necesita para realizar su trabajo actual?","var_qstn_postqtxt":"Manejo de plataformas de colaboraci\u00f3n virtual","var_qstn_ivuinstr":"La pregunta indaga por la percepci\u00f3n de los servidores\/as con respecto a la existencia de actividades o programas de formaci\u00f3n laboral para desarrollar habilidades digitales en la entidad, las cuales se definen como el \u201cconjunto de habilidades para usar, aplicar y comprender informaci\u00f3n en una sociedad digital, que permiten a las personas crear y compartir contenido digital; comunicarse, colaborar y resolver problemas en el \u00e1mbito laboral, educativo y personal.\u201d","var_universe":"Servidores p\u00fablicos pertenecientes al nivel central de las entidades de los poderes ejecutivo, legislativo y judicial; organismos de control; organismos aut\u00f3nomos; entes universitarios aut\u00f3nomos, de organizaci\u00f3n electoral y corporaciones aut\u00f3nomas regionales colombianas. (Vinculados por libre nombramiento y remoci\u00f3n, carrera administrativa y provisionalidad)","var_universe_clusion":"I","var_sumstat":[{"value":"10994","type":"vald","wgtd":null},{"value":"0","type":"invd","wgtd":null}],"var_txt":null,"var_catgry":[{"value":"1","labl":"S\u00ed","is_missing":null,"stats":[{"value":"6082","type":"freq","wgtd":null}]},{"value":"2","labl":"No","is_missing":null,"stats":[{"value":"3380","type":"freq","wgtd":null}]},{"value":"9","labl":"Prefiere no contestar.","is_missing":null,"stats":[{"value":"1532","type":"freq","wgtd":null}]}],"var_codinstr":null,"var_concept":[],"var_format":{"type":"numeric","schema":"other","category":null,"name":null},"var_notes":null,"var_val_range":{"min":"1","max":"9"},"fid":"F3","sid":"895","survey_idno":"DANE-DIMPE-EDID-REGION-2024"}