{"file_id":"F3","vid":"V631","name":"E07","var_intrvl":"discrete","var_dcml":"0","var_wgt":null,"var_is_wgt":null,"loc_start_pos":null,"loc_end_pos":null,"loc_width":null,"loc_rec_seg_no":null,"labl":"\u00bfPara cumplir con sus funciones necesita usar informaci\u00f3n num\u00e9rica o estad\u00edstica?  (Registros administrativos, encuestas, indicadores, anal\u00edtica de datos)","var_imputation":null,"var_security":"El acceso a microdatos y Mam-up se considera como de tratamiento especial respecto a la reserva estad\u00edstica por tanto estar\u00e1 sujeto a la reglamentaci\u00f3n que para el efecto defina el Comit\u00e9 de Aseguramiento de la reserva estad\u00edstica. Resoluci\u00f3n 173 de 2008.","var_resp_unit":null,"var_analysis_unit":null,"var_qstn_preqtxt":"Anal\u00edtica de datos (An\u00e1lisis cuantitativo, cualitativo, uso de Big data).","var_qstn_qstnlit":"\u00bfPara cumplir con sus funciones necesita usar informaci\u00f3n num\u00e9rica o estad\u00edstica? \n(Registros administrativos, encuestas, indicadores, anal\u00edtica de datos)  \n\n1\tS\u00ed\n2\tNo","var_qstn_postqtxt":"Datos num\u00e9ricos consolidados (Registros administrativos, informaci\u00f3n contable, inventarios)","var_qstn_ivuinstr":"La pregunta busca conocer si en el marco de sus funciones, el servidor\/a requiere utilizar alg\u00fan tipo de producci\u00f3n de informaci\u00f3n.","var_universe":"Servidores p\u00fablicos pertenecientes al nivel central de las entidades de los poderes ejecutivo, legislativo y judicial; organismos de control; organismos aut\u00f3nomos; entes universitarios aut\u00f3nomos, de organizaci\u00f3n electoral y corporaciones aut\u00f3nomas regionales colombianas. (Vinculados por libre nombramiento y remoci\u00f3n, carrera administrativa y provisionalidad)","var_universe_clusion":"I","var_sumstat":[{"value":"10994","type":"vald","wgtd":null},{"value":"0","type":"invd","wgtd":null}],"var_txt":null,"var_catgry":[{"value":"1","labl":"S\u00ed","is_missing":null,"stats":[{"value":"5284","type":"freq","wgtd":null}]},{"value":"2","labl":"No","is_missing":null,"stats":[{"value":"5710","type":"freq","wgtd":null}]}],"var_codinstr":null,"var_concept":[],"var_format":{"type":"numeric","schema":"other","category":null,"name":null},"var_notes":null,"var_val_range":{"min":"1","max":"2"},"fid":"F3","sid":"895","survey_idno":"DANE-DIMPE-EDID-REGION-2024"}