{"file_id":"F3","vid":"V633","name":"E08B","var_intrvl":"discrete","var_dcml":"0","var_wgt":null,"var_is_wgt":null,"loc_start_pos":null,"loc_end_pos":null,"loc_width":null,"loc_rec_seg_no":null,"labl":"Datos a partir de encuestas, sondeos, experimentos.","var_imputation":null,"var_security":"El acceso a microdatos y Mam-up se considera como de tratamiento especial respecto a la reserva estad\u00edstica por tanto estar\u00e1 sujeto a la reglamentaci\u00f3n que para el efecto defina el Comit\u00e9 de Aseguramiento de la reserva estad\u00edstica. Resoluci\u00f3n 173 de 2008.","var_resp_unit":null,"var_analysis_unit":null,"var_qstn_preqtxt":"Datos num\u00e9ricos consolidados (Registros administrativos, informaci\u00f3n contable, inventarios)","var_qstn_qstnlit":"\u00bfQu\u00e9 tipo de informaci\u00f3n usa?\n\nb. Datos a partir de encuestas, sondeos, experimentos.\n\n1\tS\u00ed\n2\tNo","var_qstn_postqtxt":"Indicadores y\/o \u00edndices.","var_qstn_ivuinstr":"Complementa la pregunta E7 para quienes indicaron ser usuarios de informaci\u00f3n, e indaga por el tipo deinformaci\u00f3n que utilizan.\n\nb. Datos a partir de encuestas, sondeos, experimentos.","var_universe":"Servidores p\u00fablicos pertenecientes al nivel central de las entidades de los poderes ejecutivo, legislativo y judicial; organismos de control; organismos aut\u00f3nomos; entes universitarios aut\u00f3nomos, de organizaci\u00f3n electoral y corporaciones aut\u00f3nomas regionales colombianas. (Vinculados por libre nombramiento y remoci\u00f3n, carrera administrativa y provisionalidad)","var_universe_clusion":"I","var_sumstat":[{"value":"5284","type":"vald","wgtd":null},{"value":"5710","type":"invd","wgtd":null}],"var_txt":null,"var_catgry":[{"value":"1","labl":"S\u00ed","is_missing":null,"stats":[{"value":"2844","type":"freq","wgtd":null}]},{"value":"2","labl":"No","is_missing":null,"stats":[{"value":"2440","type":"freq","wgtd":null}]},{"value":"Sysmiss","labl":null,"is_missing":"Y","stats":[{"value":"5710","type":"freq","wgtd":null}]}],"var_codinstr":null,"var_concept":[],"var_format":{"type":"numeric","schema":"other","category":null,"name":null},"var_notes":null,"var_val_range":{"min":"1","max":"2"},"fid":"F3","sid":"895","survey_idno":"DANE-DIMPE-EDID-REGION-2024"}