{"file_id":"F3","vid":"V638","name":"E09C","var_intrvl":"discrete","var_dcml":"0","var_wgt":null,"var_is_wgt":null,"loc_start_pos":null,"loc_end_pos":null,"loc_width":null,"loc_rec_seg_no":null,"labl":"Incluyeron la opini\u00f3n de los colaboradores de la entidad.","var_imputation":null,"var_security":"El acceso a microdatos y Mam-up se considera como de tratamiento especial respecto a la reserva estad\u00edstica por tanto estar\u00e1 sujeto a la reglamentaci\u00f3n que para el efecto defina el Comit\u00e9 de Aseguramiento de la reserva estad\u00edstica. Resoluci\u00f3n 173 de 2008.","var_resp_unit":null,"var_analysis_unit":null,"var_qstn_preqtxt":"Incluyeron las opiniones e intereses de los grupos de valor o de los potenciales beneficiarios de la entidad.","var_qstn_qstnlit":"De acuerdo con su experiencia \u00bfqu\u00e9\ntan de acuerdo o en desacuerdo est\u00e1\nusted con las siguientes afirmaciones\nsobre la toma de decisiones en su\nentidad?\n\nc. Incluyeron la opini\u00f3n de los colaboradores de la entidad.\n\n5\tTotalmente de acuerdo\n4\tDe acuerdo\n3              Medianamente importante\n2\tEn desacuerdo\n1\tTotalmente en desacuerdo\n9              No tiene conocimiento \/ prefiere no contestar","var_qstn_postqtxt":"El proceso de toma de decisiones puede mejorar.","var_qstn_ivuinstr":"Esta pregunta indaga la percepci\u00f3n de los servidores\/as sobre los procesos de toma de decisiones en la entidad.\n\nc. Incluyeron la opini\u00f3n de los colaboradores de la entidad.","var_universe":"Servidores p\u00fablicos pertenecientes al nivel central de las entidades de los poderes ejecutivo, legislativo y judicial; organismos de control; organismos aut\u00f3nomos; entes universitarios aut\u00f3nomos, de organizaci\u00f3n electoral y corporaciones aut\u00f3nomas regionales colombianas. (Vinculados por libre nombramiento y remoci\u00f3n, carrera administrativa y provisionalidad)","var_universe_clusion":"I","var_sumstat":[{"value":"10994","type":"vald","wgtd":null},{"value":"0","type":"invd","wgtd":null}],"var_txt":null,"var_catgry":[{"value":"1","labl":"Totalmente en desacuerdo","is_missing":null,"stats":[{"value":"319","type":"freq","wgtd":null}]},{"value":"2","labl":"En desacuerdo","is_missing":null,"stats":[{"value":"840","type":"freq","wgtd":null}]},{"value":"3","labl":"Medianamente importante","is_missing":null,"stats":[{"value":"2166","type":"freq","wgtd":null}]},{"value":"4","labl":"De acuerdo","is_missing":null,"stats":[{"value":"4285","type":"freq","wgtd":null}]},{"value":"5","labl":"Totalmente de acuerdo","is_missing":null,"stats":[{"value":"1496","type":"freq","wgtd":null}]},{"value":"9","labl":"No tiene conocimiento \/ prefiere no contestar","is_missing":null,"stats":[{"value":"1888","type":"freq","wgtd":null}]}],"var_codinstr":null,"var_concept":[],"var_format":{"type":"numeric","schema":"other","category":null,"name":null},"var_notes":null,"var_val_range":{"min":"1","max":"9"},"fid":"F3","sid":"895","survey_idno":"DANE-DIMPE-EDID-REGION-2024"}