{"file_id":"F3","vid":"V687","name":"G01D","var_intrvl":"discrete","var_dcml":"0","var_wgt":null,"var_is_wgt":null,"loc_start_pos":null,"loc_end_pos":null,"loc_width":null,"loc_rec_seg_no":null,"labl":"Se public\u00f3 informaci\u00f3n respecto a sus servicios, procedimientos y funcionamiento.","var_imputation":null,"var_security":"El acceso a microdatos y Mam-up se considera como de tratamiento especial respecto a la reserva estad\u00edstica por tanto estar\u00e1 sujeto a la reglamentaci\u00f3n que para el efecto defina el Comit\u00e9 de Aseguramiento de la reserva estad\u00edstica. Resoluci\u00f3n 173 de 2008.","var_resp_unit":null,"var_analysis_unit":null,"var_qstn_preqtxt":"Se realizaron espacios de di\u00e1logo con la ciudadan\u00eda.","var_qstn_qstnlit":"Durante los \u00faltimos doce meses, con el proceso de rendici\u00f3n de cuentas  de su entidad, \n\nd. Se public\u00f3 informaci\u00f3n respecto a sus servicios, procedimientos y funcionamiento.\n\n5\tTotalmente de acuerdo\n4\tDe acuerdo\n3              Medianamente importante\n2\tEn desacuerdo\n1\tTotalmente en desacuerdo\n9              No tiene conocimiento \/ prefiere no contestar","var_qstn_postqtxt":"Usted fue tenido en cuenta para planear la informaci\u00f3n que se report\u00f3 en la audiencia p\u00fablica o los espacios de di\u00e1logo con la ciudadan\u00eda.","var_qstn_ivuinstr":"Esta pregunta hace referencia a la percepci\u00f3n del servidor(a) respecto a la calidad de la informaci\u00f3n que se entrega al ciudadano, con el fin de revisar las actuaciones y decisiones de las y los servidores p\u00fablicos en la gesti\u00f3n de los planes institucionales. \n\nLos literales de esta pregunta se valoran en funci\u00f3n del grado de acuerdo o desacuerdo que tenga el servidor(a) frente al cumplimiento de las siguientes condiciones m\u00ednimas que debe poseer la informaci\u00f3n institucional:\n\nd.\tSe public\u00f3 informaci\u00f3n respecto a sus servicios, procedimientos y funcionamiento: la entidad hace difusi\u00f3n del cat\u00e1logo de servicios que tiene disponible y los medios para acceder a ellos.","var_universe":"Servidores p\u00fablicos pertenecientes al nivel central de las entidades de los poderes ejecutivo, legislativo y judicial; organismos de control; organismos aut\u00f3nomos; entes universitarios aut\u00f3nomos, de organizaci\u00f3n electoral y corporaciones aut\u00f3nomas regionales colombianas. (Vinculados por libre nombramiento y remoci\u00f3n, carrera administrativa y provisionalidad)","var_universe_clusion":"I","var_sumstat":[{"value":"10994","type":"vald","wgtd":null},{"value":"0","type":"invd","wgtd":null}],"var_txt":null,"var_catgry":[{"value":"1","labl":"Totalmente en Desacuerdo","is_missing":null,"stats":[{"value":"109","type":"freq","wgtd":null}]},{"value":"2","labl":"En desacuerdo","is_missing":null,"stats":[{"value":"271","type":"freq","wgtd":null}]},{"value":"3","labl":"Medianamente importante","is_missing":null,"stats":[{"value":"1030","type":"freq","wgtd":null}]},{"value":"4","labl":"De acuerdo","is_missing":null,"stats":[{"value":"5095","type":"freq","wgtd":null}]},{"value":"5","labl":"Totalmente de acuerdo","is_missing":null,"stats":[{"value":"2243","type":"freq","wgtd":null}]},{"value":"9","labl":"No tiene conocimiento","is_missing":null,"stats":[{"value":"2246","type":"freq","wgtd":null}]}],"var_codinstr":null,"var_concept":[],"var_format":{"type":"numeric","schema":"other","category":null,"name":null},"var_notes":null,"var_val_range":{"min":"1","max":"9"},"fid":"F3","sid":"895","survey_idno":"DANE-DIMPE-EDID-REGION-2024"}