{"file_id":"F3","vid":"V691","name":"G03B","var_intrvl":"discrete","var_dcml":"0","var_wgt":null,"var_is_wgt":null,"loc_start_pos":null,"loc_end_pos":null,"loc_width":null,"loc_rec_seg_no":null,"labl":"Publicaciones,boletines con informes de gesti\u00f3n","var_imputation":null,"var_security":"El acceso a microdatos y Mam-up se considera como de tratamiento especial respecto a la reserva estad\u00edstica por tanto estar\u00e1 sujeto a la reglamentaci\u00f3n que para el efecto defina el Comit\u00e9 de Aseguramiento de la reserva estad\u00edstica. Resoluci\u00f3n 173 de 2008.","var_resp_unit":null,"var_analysis_unit":null,"var_qstn_preqtxt":"Reuniones, foros, mesas tem\u00e1ticas u otros espacios presenciales con la ciudadan\u00eda.","var_qstn_qstnlit":"Durante los \u00faltimos doce meses, \u00bfasisti\u00f3 a alguna de las siguientes acciones de rendici\u00f3n de cuentas en su entidad?\n\nb.\tPublicaciones, boletines con informes de gesti\u00f3n\n1\tS\u00ed\n2\tNo","var_qstn_postqtxt":"Audiencias p\u00fablicas","var_qstn_ivuinstr":"Esta pregunta esta dirigida a los funcionarios que conocieron o participaron en alg\u00fan escenario de rendici\u00f3n de cuentas dispuesto por la entidad durante el a\u00f1o en curso. Debido a que la rendici\u00f3n de cuentas puede realizarse en diversos espacios o medios, a continuaci\u00f3n se indican algunos escenarios que pudieron o no realizarse en la entidad parte de su proceso de rendici\u00f3n de cuentas. \n\nb.\tPublicaciones, boletines con informes de gesti\u00f3n: documentos peri\u00f3dicos que contiene el informaci\u00f3n sobre la entidad y\/o el grado de avance de cada una de las metas, fines, objetivos y actividades planificadas por la entidad en su plan de acci\u00f3n o su plan de desarrollo, puede contener el grado de ejecuci\u00f3n presupuestal logrado hasta el momento de elaboraci\u00f3n del documento.","var_universe":"Servidores p\u00fablicos pertenecientes al nivel central de las entidades de los poderes ejecutivo, legislativo y judicial; organismos de control; organismos aut\u00f3nomos; entes universitarios aut\u00f3nomos, de organizaci\u00f3n electoral y corporaciones aut\u00f3nomas regionales colombianas. (Vinculados por libre nombramiento y remoci\u00f3n, carrera administrativa y provisionalidad)","var_universe_clusion":"I","var_sumstat":[{"value":"4762","type":"vald","wgtd":null},{"value":"6232","type":"invd","wgtd":null}],"var_txt":null,"var_catgry":[{"value":"1","labl":"S\u00ed","is_missing":null,"stats":[{"value":"3596","type":"freq","wgtd":null}]},{"value":"2","labl":"No","is_missing":null,"stats":[{"value":"1166","type":"freq","wgtd":null}]},{"value":"Sysmiss","labl":null,"is_missing":"Y","stats":[{"value":"6232","type":"freq","wgtd":null}]}],"var_codinstr":null,"var_concept":[],"var_format":{"type":"numeric","schema":"other","category":null,"name":null},"var_notes":null,"var_val_range":{"min":"1","max":"2"},"fid":"F3","sid":"895","survey_idno":"DANE-DIMPE-EDID-REGION-2024"}