{"file_id":"F3","vid":"V706","name":"H03","var_intrvl":"discrete","var_dcml":"0","var_wgt":null,"var_is_wgt":null,"loc_start_pos":null,"loc_end_pos":null,"loc_width":null,"loc_rec_seg_no":null,"labl":"\u00bfEn caso de tener que reportar un caso de corrupci\u00f3n, solicitar\u00eda medidas de protecci\u00f3n como denunciante?","var_imputation":null,"var_security":"El acceso a microdatos y Mam-up se considera como de tratamiento especial respecto a la reserva estad\u00edstica por tanto estar\u00e1 sujeto a la reglamentaci\u00f3n que para el efecto defina el Comit\u00e9 de Aseguramiento de la reserva estad\u00edstica. Resoluci\u00f3n 173 de 2008.","var_resp_unit":null,"var_analysis_unit":null,"var_qstn_preqtxt":"Si en su entidad se presentara un caso de corrupci\u00f3n y usted decidiera NO denunciarlo, \u00bfCu\u00e1l ser\u00eda la principal raz\u00f3n por la que NO lo denunciar\u00eda?","var_qstn_qstnlit":"\u00bfEn caso de tener que reportar un caso de corrupci\u00f3n, solicitar\u00eda medidas de protecci\u00f3n como denunciante?  \n\n1\tSi\n2\tNo","var_qstn_postqtxt":"De los siguientes factores \u00bfcu\u00e1l es el que m\u00e1s puede influir para que se presenten pr\u00e1cticas irregulares en la administraci\u00f3n p\u00fablica? (Opci\u00f3n de respuesta \u00fanica)","var_qstn_ivuinstr":"Busca conocer si los servidores considerar\u00edan la posibilidad de requerir cualquier medida de protecci\u00f3n en caso de tener que denunciar un caso de corrupci\u00f3n en el sector p\u00fablico.","var_universe":"Servidores p\u00fablicos pertenecientes al nivel central de las entidades de los poderes ejecutivo, legislativo y judicial; organismos de control; organismos aut\u00f3nomos; entes universitarios aut\u00f3nomos, de organizaci\u00f3n electoral y corporaciones aut\u00f3nomas regionales colombianas. (Vinculados por libre nombramiento y remoci\u00f3n, carrera administrativa y provisionalidad)","var_universe_clusion":"I","var_sumstat":[{"value":"10994","type":"vald","wgtd":null},{"value":"0","type":"invd","wgtd":null}],"var_txt":null,"var_catgry":[{"value":"1","labl":"Si","is_missing":null,"stats":[{"value":"7952","type":"freq","wgtd":null}]},{"value":"2","labl":"No","is_missing":null,"stats":[{"value":"3042","type":"freq","wgtd":null}]}],"var_codinstr":null,"var_concept":[],"var_format":{"type":"numeric","schema":"other","category":null,"name":null},"var_notes":null,"var_val_range":{"min":"1","max":"2"},"fid":"F3","sid":"895","survey_idno":"DANE-DIMPE-EDID-REGION-2024"}