{"file_id":"F4","vid":"V988","name":"H05","var_intrvl":"discrete","var_dcml":null,"var_wgt":null,"var_is_wgt":null,"loc_start_pos":null,"loc_end_pos":null,"loc_width":"8","loc_rec_seg_no":null,"labl":"De los siguientes actores \u00bfcu\u00e1l es el que m\u00e1s podr\u00eda ejercer una influencia indebida en su entidad? (Opci\u00f3n de respuesta \u00fanica)","var_imputation":null,"var_security":null,"var_resp_unit":"Servidores(as) p\u00fablicos(as) con un tiempo de servicio superior a seis meses en la entidad, y que laboran en la ciudad de Bogot\u00e1, de las entidades de orden nacional (nivel central) de los poderes ejecutivo, legislativo y judicial, organismos de control y organizaci\u00f3n electoral. Adicionalmente, los servidores(as) que laboran en la sede principal de las corporaciones aut\u00f3nomas regionales y universidades p\u00fablicas ubicadas en el nivel regional.\n\nLa encuesta consulta a servidores(as) vinculados por libre nombramiento y remoci\u00f3n, carrera administrativa y provisionalidad. \n\nSe excluyen entidades que desarrollan actividades de inteligencia y contrainteligencia acorde a la reserva de informaci\u00f3n personal estipulada en el art\u00edculo 41 de la Ley Estatutaria 1621 de 2013 y el Art\u00edculo 2.2.3.9.3. del Decreto 1070 de 2015. Igualmente, entidades estatales sujetas al r\u00e9gimen privado.","var_analysis_unit":null,"var_qstn_preqtxt":"De los siguientes factores \u00bfcu\u00e1l es el que m\u00e1s puede influir para que se presenten pr\u00e1cticas irregulares en la administraci\u00f3n p\u00fablica? (Opci\u00f3n de respuesta \u00fanica)","var_qstn_qstnlit":"De los siguientes actores \u00bfcu\u00e1l es el que m\u00e1s podr\u00eda ejercer una influencia indebida en su entidad? (Opci\u00f3n de respuesta \u00fanica)","var_qstn_postqtxt":"Durante los \u00faltimos doce meses, \u00bfCu\u00e1l de las siguientes estrategias fue la m\u00e1s efectiva para prevenir la incidencia de pr\u00e1cticas irregulares  en su entidad?: (Opci\u00f3n de respuesta \u00fanica)","var_qstn_ivuinstr":null,"var_universe":"Servidoras(es) p\u00fablicos pertenecientes al nivel central de las entidades de los poderes ejecutivo, legislativo y judicial; organismos de control; organismos aut\u00f3nomos; entes universitarios aut\u00f3nomos; organizaci\u00f3n electoral; y corporaciones aut\u00f3nomas regionales.","var_universe_clusion":"I","var_sumstat":[{"value":"26742","type":"vald","wgtd":null},{"value":"0","type":"invd","wgtd":null}],"var_txt":null,"var_catgry":[{"value":"1","labl":"Gremios y\/o grupos econ\u00f3micos.","is_missing":null,"stats":[{"value":"1032","type":"freq","wgtd":null}]},{"value":"10","labl":"Concejales.","is_missing":null,"stats":[{"value":"37","type":"freq","wgtd":null}]},{"value":"11","labl":"Altos funcionarios\/as del gobierno departamental \/ distrital\/ municipal.","is_missing":null,"stats":[{"value":"1940","type":"freq","wgtd":null}]},{"value":"2","labl":"Congresistas.","is_missing":null,"stats":[{"value":"2527","type":"freq","wgtd":null}]},{"value":"3","labl":"Sindicatos.","is_missing":null,"stats":[{"value":"1021","type":"freq","wgtd":null}]},{"value":"4","labl":"Altos funcionarios\/as del Gobierno nacional.","is_missing":null,"stats":[{"value":"4815","type":"freq","wgtd":null}]},{"value":"5","labl":"Empresarios\/as y\/o contratistas.","is_missing":null,"stats":[{"value":"735","type":"freq","wgtd":null}]},{"value":"6","labl":"Grupos al margen de la ley.","is_missing":null,"stats":[{"value":"669","type":"freq","wgtd":null}]},{"value":"7","labl":"Organismos internacionales.","is_missing":null,"stats":[{"value":"37","type":"freq","wgtd":null}]},{"value":"8","labl":"Compa\u00f1\u00edas multinacionales:","is_missing":null,"stats":[{"value":"47","type":"freq","wgtd":null}]},{"value":"88","labl":"Ninguno de las anteriores.","is_missing":null,"stats":[{"value":"4621","type":"freq","wgtd":null}]},{"value":"9","labl":"Diputados.","is_missing":null,"stats":[{"value":"48","type":"freq","wgtd":null}]},{"value":"99","labl":"Prefiere no contestar.","is_missing":null,"stats":[{"value":"9213","type":"freq","wgtd":null}]}],"var_codinstr":null,"var_concept":[],"var_format":{"type":"character","schema":"other","category":null,"name":null},"var_notes":null,"var_val_range":{"min":null,"max":null},"fid":"F4","sid":"898","survey_idno":"DANE-DIMPE-EDI-SECTOR-2025"}