{"file_id":"F4","vid":"V824","name":"D06C","var_intrvl":"discrete","var_dcml":null,"var_wgt":null,"var_is_wgt":null,"loc_start_pos":null,"loc_end_pos":null,"loc_width":"1","loc_rec_seg_no":null,"labl":"La retroalimentaci\u00f3n que recib\u00ed sobre mi trabajo me ayud\u00f3 a mejorar mi desempe\u00f1o","var_imputation":null,"var_security":"El acceso a microdatos y Mam-up se considera como de tratamiento especial respecto a la reserva estad\u00edstica por tanto estar\u00e1 sujeto a la reglamentaci\u00f3n que para el efecto defina el Comit\u00e9 de Aseguramiento de la reserva estad\u00edstica. Resoluci\u00f3n 173 de 2008.","var_resp_unit":null,"var_analysis_unit":null,"var_qstn_preqtxt":"La evaluaci\u00f3n se bas\u00f3 en evidencias","var_qstn_qstnlit":"Pensando en su \u00faltima evaluaci\u00f3n de desempe\u00f1o,  \u00bfqu\u00e9 tan de acuerdo o en desacuerdo est\u00e1 usted con las siguientes afirmaciones?\n\nc. La retroalimentaci\u00f3n que recib\u00ed sobre mi trabajo me ayud\u00f3 a mejorar mi desempe\u00f1o:\n\n5\tTotalmente de acuerdo\n4\tDe acuerdo\n3              Ni de acuerdo ni en desacuerdo\n2\tEn desacuerdo\n1\tTotalmente en desacuerdo\n9              No tiene conocimiento\/ Prefiere no contestar","var_qstn_postqtxt":"Si me esfuerzo m\u00e1s en mi trabajo, obtendr\u00e9 una mejor evaluaci\u00f3n de desempe\u00f1o","var_qstn_ivuinstr":"A partir de la percepci\u00f3n de sus servidores(as), se busca conocer el impacto de la evaluaci\u00f3n del desempe\u00f1o en la entidad, con el fin de conocer si los resultados que se obtienen con la implementaci\u00f3n de dicho instrumento son tomados como insumo para su mejoramiento continuo.\nLos literales de esta pregunta se valoran en funci\u00f3n del grado de acuerdo o desacuerdo que tenga el servidor(a) frente a diferentes impactos esperados con la evaluaci\u00f3n del desempe\u00f1o:\nc. La retroalimentaci\u00f3n que recib\u00ed sobre mi trabajo me ayud\u00f3 a mejorar mi desempe\u00f1o: percepci\u00f3n sobre el aprendizaje obtenido a partir de la evaluaci\u00f3n de desempe\u00f1o.","var_universe":"Servidores p\u00fablicos pertenecientes al nivel central de las entidades de los poderes ejecutivo, legislativo y judicial; organismos de control; organismos aut\u00f3nomos; entes universitarios aut\u00f3nomos, de organizaci\u00f3n electoral y corporaciones aut\u00f3nomas regionales colombianas. (Vinculados por libre nombramiento y remoci\u00f3n, carrera administrativa y provisionalidad)","var_universe_clusion":"I","var_sumstat":[{"value":"9972","type":"vald","wgtd":null},{"value":"0","type":"invd","wgtd":null}],"var_txt":null,"var_catgry":[{"value":"1","labl":"Totalmente en desacuerdo","is_missing":null,"stats":[{"value":"289","type":"freq","wgtd":null}]},{"value":"2","labl":"En desacuerdo","is_missing":null,"stats":[{"value":"458","type":"freq","wgtd":null}]},{"value":"3","labl":"Ni de acuerdo ni en desacuerdo","is_missing":null,"stats":[{"value":"1258","type":"freq","wgtd":null}]},{"value":"4","labl":"De acuerdo","is_missing":null,"stats":[{"value":"3580","type":"freq","wgtd":null}]},{"value":"5","labl":"Totalmente de acuerdo","is_missing":null,"stats":[{"value":"3563","type":"freq","wgtd":null}]},{"value":"9","labl":"No tiene conocimiento\/ Prefiere no contestar","is_missing":null,"stats":[{"value":"824","type":"freq","wgtd":null}]}],"var_codinstr":null,"var_concept":[],"var_format":{"type":"character","schema":"other","category":null,"name":null},"var_notes":null,"var_val_range":{"min":null,"max":null},"fid":"F4","sid":"899","survey_idno":"DANE-DIMPE-EDID-ENTIDAD-2024"}